{"version":"1.0","provider_name":"","provider_url":"https:\/\/cntq.gob.ve","author_name":"CNTQ","author_url":"https:\/\/cntq.gob.ve\/index.php\/author\/cntq\/","title":"Centro Did\u00e1ctico de Anzo\u00e1tegui particip\u00f3 en desfile por la emancipaci\u00f3n de Barcelona -","type":"rich","width":600,"height":338,"html":"<blockquote class=\"wp-embedded-content\" data-secret=\"I8N82r5HvB\"><a href=\"https:\/\/cntq.gob.ve\/index.php\/desfile-por-la-emancipacion-de-barcelona\/\">Centro Did\u00e1ctico de Anzo\u00e1tegui particip\u00f3 en desfile por la emancipaci\u00f3n de Barcelona<\/a><\/blockquote><iframe sandbox=\"allow-scripts\" security=\"restricted\" src=\"https:\/\/cntq.gob.ve\/index.php\/desfile-por-la-emancipacion-de-barcelona\/embed\/#?secret=I8N82r5HvB\" width=\"600\" height=\"338\" title=\"\u00abCentro Did\u00e1ctico de Anzo\u00e1tegui particip\u00f3 en desfile por la emancipaci\u00f3n de Barcelona\u00bb \u2014 \" data-secret=\"I8N82r5HvB\" frameborder=\"0\" marginwidth=\"0\" marginheight=\"0\" scrolling=\"no\" class=\"wp-embedded-content\"><\/iframe><script>\n\/*! This file is auto-generated *\/\n!function(d,l){\"use strict\";l.querySelector&&d.addEventListener&&\"undefined\"!=typeof URL&&(d.wp=d.wp||{},d.wp.receiveEmbedMessage||(d.wp.receiveEmbedMessage=function(e){var t=e.data;if((t||t.secret||t.message||t.value)&&!\/[^a-zA-Z0-9]\/.test(t.secret)){for(var s,r,n,a=l.querySelectorAll('iframe[data-secret=\"'+t.secret+'\"]'),o=l.querySelectorAll('blockquote[data-secret=\"'+t.secret+'\"]'),c=new RegExp(\"^https?:$\",\"i\"),i=0;i<o.length;i++)o[i].style.display=\"none\";for(i=0;i<a.length;i++)s=a[i],e.source===s.contentWindow&&(s.removeAttribute(\"style\"),\"height\"===t.message?(1e3<(r=parseInt(t.value,10))?r=1e3:~~r<200&&(r=200),s.height=r):\"link\"===t.message&&(r=new URL(s.getAttribute(\"src\")),n=new URL(t.value),c.test(n.protocol))&&n.host===r.host&&l.activeElement===s&&(d.top.location.href=t.value))}},d.addEventListener(\"message\",d.wp.receiveEmbedMessage,!1),l.addEventListener(\"DOMContentLoaded\",function(){for(var e,t,s=l.querySelectorAll(\"iframe.wp-embedded-content\"),r=0;r<s.length;r++)(t=(e=s[r]).getAttribute(\"data-secret\"))||(t=Math.random().toString(36).substring(2,12),e.src+=\"#?secret=\"+t,e.setAttribute(\"data-secret\",t)),e.contentWindow.postMessage({message:\"ready\",secret:t},\"*\")},!1)))}(window,document);\n\/\/# sourceURL=https:\/\/cntq.gob.ve\/wp-includes\/js\/wp-embed.min.js\n<\/script>\n","thumbnail_url":"https:\/\/cntq.gob.ve\/wp-content\/uploads\/2026\/04\/photo_5154683787634478139_y.jpg","thumbnail_width":1080,"thumbnail_height":608,"description":"\u200eEl Centro Did\u00e1ctico para la Ense\u00f1anza de las Ciencias (CDEC), n\u00facleo Anzo\u00e1tegui, particip\u00f3 este 27 de abril en el desfile c\u00edvico\u2013militar\u2013policial conmemorativo por los 216 a\u00f1os de la emancipaci\u00f3n de Barcelona, integr\u00e1ndose a esta jornada junto a instituciones del Estado, fuerzas de seguridad y organizaciones del poder popular."}